{"id":4935,"date":"2018-01-02T10:12:15","date_gmt":"2018-01-02T08:12:15","guid":{"rendered":"http:\/\/fundacioassut.org\/project\/diagnostic-de-lestat-de-les-terres-de-cultiu-a-alboraia-2\/"},"modified":"2019-09-02T14:59:07","modified_gmt":"2019-09-02T12:59:07","slug":"diagnostic-de-lestat-de-les-terres-de-cultiu-a-alboraia-2","status":"publish","type":"project","link":"https:\/\/fundacioassut.org\/?project=diagnostic-de-lestat-de-les-terres-de-cultiu-a-alboraia-2&lang=cas","title":{"rendered":"Diagn\u00f3stico del estado de las tierras de cultivo en Alboraia"},"content":{"rendered":"\n<p>En los diferentes municipios de L&#8217;Horta, muchas parcelas agr\u00edcolas no son cultivadas por sus propietarios y presentan signos evidentes de abandono. Los hechos que han propiciado esta situaci\u00f3n son diversos. Los m\u00e1s significativos son la ausencia de relevo generacional en la poblaci\u00f3n agraria, la crisis citr\u00edcola y la sustituci\u00f3n de propietarios tradicionalmente agr\u00edcolas por otros, no relacionados con la actividad agraria, fruto de los movimientos especulativos de la pasada d\u00e9cada \u2014burbuja inmobiliaria\u2014 y el cambio de usos del suelo. El resultado es la degradaci\u00f3n del paisaje agr\u00edcola, que, m\u00e1s all\u00e1 de los efectos negativos que provoca desde las vertientes visual y cultural \u2014la Huerta es uno de los seis paisajes tradicionales que contempla el Informe Dobris sobre el medio ambiente en Europa\u2014, incrementa de manera permanente toda una serie de riesgos: incendio, proliferaci\u00f3n de vertederos incontrolados, propagaci\u00f3n de plagas, aparici\u00f3n de fauna y flora no deseada, etc. Este conjunto de efectos negativos est\u00e1 influyendo de una forma significativa sobre la calidad de vida de los ciudadanos y usuarios de este espacio.<\/p>\n\n\n\n<p>Para la adecuada gesti\u00f3n del territorio por parte de los ayuntamientos, es indispensable conocer el estado en que se encuentran las parcelas de cultivo del municipio, disponiendo de una informaci\u00f3n muy \u00fatil para definir programas de actuaci\u00f3n, propuestas de desarrollo territorial o medidas de mejora en los \u00e1mbitos agr\u00edcola y urbano locales. <\/p>\n\n\n\n<p>Mediante este trabajo de\nan\u00e1lisis, diagn\u00f3stico y categorizaci\u00f3n de las tierras de cultivo, se pretend\u00eda poner\nen manos de las autoridades y t\u00e9cnicos del Ayuntamiento de Alboraia un\ninstrumento \u00fatil que diera una visi\u00f3n de conjunto, y a la vez de detalle, de la\nsituaci\u00f3n de las parcelas r\u00fasticas del t\u00e9rmino municipal. Este diagn\u00f3stico\nactualizado facilitar\u00e1 la toma de decisiones, gracias a un minucioso trabajo de\ncampo y al traslado posterior de los datos obtenidos a par\u00e1metros cartogr\u00e1ficos,\nestad\u00edsticos y a un Sistema de Informaci\u00f3n Geogr\u00e1fica.<\/p>\n\n\n\n<h3 class=\"wp-block-heading\"><strong>Objetivos<\/strong><\/h3>\n\n\n\n<ul class=\"wp-block-list\"><li>Mejorar el conocimiento de la realidad territorial del municipio de Alboraia. <\/li><li>Mejorar las condiciones que posibilitan un uso agr\u00edcola m\u00e1s eficiente y recuperar o promover la actividad agr\u00edcola en espacios abandonados o marginales de l&#8217;Horta.<\/li><li>Proporcionar y disponer de la informaci\u00f3n necesaria para desarrollar acciones y medidas de planificaci\u00f3n y uso territorial en el municipio: banco de tierras, huertos urbanos, tareas de limpieza&#8230; <\/li><li>Conservar y mejorar la calidad paisaj\u00edstica de la Huerta.<\/li><\/ul>\n\n\n\n<h3 class=\"wp-block-heading\"><strong>Descripci\u00f3n del trabajo<\/strong><\/h3>\n\n\n\n<ul class=\"wp-block-list\"><li>Identificaci\u00f3 sobre el terreny i categoritzaci\u00f3 de les parcel\u00b7les.<\/li><li>Elaboraci\u00f3 d\u2019una cartografia b\u00e1sica del sistema de reg, sendes i camins.<\/li><li>Elaboraci\u00f3 d\u2019una mem\u00f2ria i recursos cartogr\u00e0fics i de dades en suport de Sistema d\u2019Informaci\u00f3 Geogr\u00e0fica.<\/li><\/ul>\n\n\n\n<p>El trabajo ha sido realizado por la Fundaci\u00f3 Assut para el Ayuntamiento de Alboraia en el marco del contrato menor para la elaboraci\u00f3n del del Estudio de Diagn\u00f3stico y Caracterizaci\u00f3n del Sector Agr\u00edcola en el t\u00e9rmino municipal de Alboraia, con n\u00famero de expediente Contrato Menor<br> 109\/2017 (Resoluci\u00f3 2791\/2017).<\/p>\n\n\n\n<h3 class=\"wp-block-heading\">Fecha<\/h3>\n\n\n\n<p>2017-2018.<\/p>\n","protected":false},"excerpt":{"rendered":"<p>En los diferentes municipios de L&#8217;Horta, muchas parcelas agr\u00edcolas no son cultivadas por sus propietarios y presentan signos evidentes de abandono. Los hechos que han propiciado esta situaci\u00f3n son diversos. Los m\u00e1s significativos son la ausencia de relevo generacional en la poblaci\u00f3n agraria, la crisis citr\u00edcola y la sustituci\u00f3n de propietarios tradicionalmente agr\u00edcolas por otros, [&hellip;]<\/p>\n","protected":false},"author":5,"featured_media":4933,"comment_status":"closed","ping_status":"closed","template":"","meta":{"_et_pb_use_builder":"off","_et_pb_old_content":"","_et_gb_content_width":"","footnotes":""},"project_category":[34,35],"project_tag":[],"class_list":["post-4935","project","type-project","status-publish","has-post-thumbnail","hentry","project_category-comunicacion-y-asesoramiento","project_category-ordenacion-del-territorio"],"_links":{"self":[{"href":"https:\/\/fundacioassut.org\/index.php?rest_route=\/wp\/v2\/project\/4935","targetHints":{"allow":["GET"]}}],"collection":[{"href":"https:\/\/fundacioassut.org\/index.php?rest_route=\/wp\/v2\/project"}],"about":[{"href":"https:\/\/fundacioassut.org\/index.php?rest_route=\/wp\/v2\/types\/project"}],"author":[{"embeddable":true,"href":"https:\/\/fundacioassut.org\/index.php?rest_route=\/wp\/v2\/users\/5"}],"replies":[{"embeddable":true,"href":"https:\/\/fundacioassut.org\/index.php?rest_route=%2Fwp%2Fv2%2Fcomments&post=4935"}],"version-history":[{"count":1,"href":"https:\/\/fundacioassut.org\/index.php?rest_route=\/wp\/v2\/project\/4935\/revisions"}],"predecessor-version":[{"id":4936,"href":"https:\/\/fundacioassut.org\/index.php?rest_route=\/wp\/v2\/project\/4935\/revisions\/4936"}],"wp:featuredmedia":[{"embeddable":true,"href":"https:\/\/fundacioassut.org\/index.php?rest_route=\/wp\/v2\/media\/4933"}],"wp:attachment":[{"href":"https:\/\/fundacioassut.org\/index.php?rest_route=%2Fwp%2Fv2%2Fmedia&parent=4935"}],"wp:term":[{"taxonomy":"project_category","embeddable":true,"href":"https:\/\/fundacioassut.org\/index.php?rest_route=%2Fwp%2Fv2%2Fproject_category&post=4935"},{"taxonomy":"project_tag","embeddable":true,"href":"https:\/\/fundacioassut.org\/index.php?rest_route=%2Fwp%2Fv2%2Fproject_tag&post=4935"}],"curies":[{"name":"wp","href":"https:\/\/api.w.org\/{rel}","templated":true}]}}